{"id":34776,"date":"2022-08-02T12:18:12","date_gmt":"2022-08-02T10:18:12","guid":{"rendered":"https:\/\/www.mesvendanges.com\/shop\/uncategorized\/cotes-du-rhone-blanc-2\/"},"modified":"2025-05-01T17:56:42","modified_gmt":"2025-05-01T15:56:42","slug":"cotes-du-rhone-blanc-trapadis-dne-du-2010-75cl","status":"publish","type":"product","link":"https:\/\/www.mesvendanges.com\/en\/shop\/wines\/cotes-du-rhone-blanc-trapadis-dne-du-2010-75cl\/","title":{"rendered":"COTES DU RHONE BLANC"},"content":{"rendered":"<p>Le c\u00f4tes-du-rh\u00f4ne blanc du domaine du Trapadis est compos\u00e9 de 90 % de grenache blanc et de 10 % de clairette blanche r\u00e9colt\u00e9s \u00e0 10\/15 hl \u00e0 l&#8217;hectare sur un terroir argilo-calcaire, situ\u00e9 en plaine, compos\u00e9 d&#8217;argile rouge et de petits cailloux roul\u00e9s. Le vignoble est cultiv\u00e9 sans d\u00e9sherbants; les engrais chimiques et les produits de synth\u00e8se sont \u00e9galement proscrits. Seuls des corps simples (soufre, cuivre) \u00e0 faible dose sont utilis\u00e9s. Les sols sont fertilis\u00e9s avec du compost animal et v\u00e9g\u00e9tal. Six labours sont effectu\u00e9s dans l&#8217;ann\u00e9e (binage). Les rendements sont ma\u00eetris\u00e9s par une taille courte, deux \u00e9bourgeonnages, une vendange en vert et suppression des grappes sur les jeunes vignes. La r\u00e9colte est manuelle et soigneusement tri\u00e9e grain par grain. Le transport se fait en caissettes ajour\u00e9es de 20 kg. La vendange est press\u00e9e directement, puis le jus est d\u00e9bourb\u00e9 \u00e0 froid pendant 24 heures. Le d\u00e9but de la fermentation alcoolique se d\u00e9roule en cuves avec des levures du terroir \u00e0 une temp\u00e9rature de 18\u00b0C. Le vin est entonn\u00e9 au milieu de la fermentation alcoolique afin de limiter la prise de bois. La fermentation malolactique se fait en f\u00fbt sur lies fines. Le vin est \u00e9lev\u00e9 dans les m\u00eames f\u00fbts pendant 8 mois sans soufre et sans soutirage, puis mis en bouteille avant l&#8217;\u00e9t\u00e9. Apog\u00e9e : 3-4 ans Garde : jusqu&#8217;\u00e0 10 ans Temp\u00e9rature de service : 12\u00b0C<\/p>\n","protected":false},"excerpt":{"rendered":"<p>Le c\u00f4tes-du-rh\u00f4ne blanc du domaine du Trapadis est compos\u00e9 de 90 % de grenache blanc et de 10 % de clairette blanche r\u00e9colt\u00e9s \u00e0 10\/15 hl \u00e0 l&#8217;hectare sur un terroir argilo-calcaire, situ\u00e9 en plaine, compos\u00e9 d&#8217;argile rouge et de petits cailloux roul\u00e9s. Le vignoble est cultiv\u00e9 sans d\u00e9sherbants; les engrais chimiques et les produits [&hellip;]<\/p>\n","protected":false},"featured_media":87884,"template":"","meta":[],"product_cat":[3740],"product_tag":[],"acf":[],"yoast_head":"<!-- This site is optimized with the Yoast SEO plugin v19.3 - https:\/\/yoast.com\/wordpress\/plugins\/seo\/ -->\n<title>COTES DU RHONE BLANC - Mes Vendanges<\/title>\n<meta name=\"robots\" content=\"index, follow, max-snippet:-1, max-image-preview:large, max-video-preview:-1\" \/>\n<link rel=\"canonical\" href=\"https:\/\/www.mesvendanges.com\/en\/shop\/wines\/cotes-du-rhone-blanc-trapadis-dne-du-2010-75cl\/\" \/>\n<meta property=\"og:locale\" content=\"en_US\" \/>\n<meta property=\"og:type\" content=\"article\" \/>\n<meta property=\"og:title\" content=\"COTES DU RHONE BLANC - Mes Vendanges\" \/>\n<meta property=\"og:description\" content=\"Le c\u00f4tes-du-rh\u00f4ne blanc du domaine du Trapadis est compos\u00e9 de 90 % de grenache blanc et de 10 % de clairette blanche r\u00e9colt\u00e9s \u00e0 10\/15 hl \u00e0 l&#8217;hectare sur un terroir argilo-calcaire, situ\u00e9 en plaine, compos\u00e9 d&#8217;argile rouge et de petits cailloux roul\u00e9s. Le vignoble est cultiv\u00e9 sans d\u00e9sherbants; les engrais chimiques et les produits [&hellip;]\" \/>\n<meta property=\"og:url\" content=\"https:\/\/www.mesvendanges.com\/en\/shop\/wines\/cotes-du-rhone-blanc-trapadis-dne-du-2010-75cl\/\" \/>\n<meta property=\"og:site_name\" content=\"Mes Vendanges\" \/>\n<meta property=\"article:modified_time\" content=\"2025-05-01T15:56:42+00:00\" \/>\n<meta property=\"og:image\" content=\"https:\/\/www.mesvendanges.com\/wp-content\/uploads\/2025\/05\/trapadis-dne-du-cotes-du-rhone-blanc-cotes-du-rhone-2010-75cl-blanc-png.png\" \/>\n\t<meta property=\"og:image:width\" content=\"423\" \/>\n\t<meta property=\"og:image:height\" content=\"1500\" \/>\n\t<meta property=\"og:image:type\" content=\"image\/png\" \/>\n<meta name=\"twitter:card\" content=\"summary_large_image\" \/>\n<meta name=\"twitter:label1\" content=\"Est. reading time\" \/>\n\t<meta name=\"twitter:data1\" content=\"1 minute\" \/>\n<script type=\"application\/ld+json\" class=\"yoast-schema-graph\">{\"@context\":\"https:\/\/schema.org\",\"@graph\":[{\"@type\":\"Organization\",\"@id\":\"https:\/\/www.mesvendanges.com\/en\/#organization\",\"name\":\"Mes Vendanges\",\"url\":\"https:\/\/www.mesvendanges.com\/en\/\",\"sameAs\":[],\"logo\":{\"@type\":\"ImageObject\",\"inLanguage\":\"fr-FR\",\"@id\":\"https:\/\/www.mesvendanges.com\/en\/#\/schema\/logo\/image\/\",\"url\":\"https:\/\/www.mesvendanges.com\/wp-content\/uploads\/2022\/02\/logo-mesvendanges.jpg\",\"contentUrl\":\"https:\/\/www.mesvendanges.com\/wp-content\/uploads\/2022\/02\/logo-mesvendanges.jpg\",\"width\":851,\"height\":260,\"caption\":\"Mes Vendanges\"},\"image\":{\"@id\":\"https:\/\/www.mesvendanges.com\/en\/#\/schema\/logo\/image\/\"}},{\"@type\":\"WebSite\",\"@id\":\"https:\/\/www.mesvendanges.com\/en\/#website\",\"url\":\"https:\/\/www.mesvendanges.com\/en\/\",\"name\":\"Mes Vendanges\",\"description\":\"Des journ\u00e9es enti\u00e8res dans les vignes\",\"publisher\":{\"@id\":\"https:\/\/www.mesvendanges.com\/en\/#organization\"},\"potentialAction\":[{\"@type\":\"SearchAction\",\"target\":{\"@type\":\"EntryPoint\",\"urlTemplate\":\"https:\/\/www.mesvendanges.com\/en\/?s={search_term_string}\"},\"query-input\":\"required name=search_term_string\"}],\"inLanguage\":\"fr-FR\"},{\"@type\":\"ImageObject\",\"inLanguage\":\"fr-FR\",\"@id\":\"https:\/\/www.mesvendanges.com\/en\/shop\/wines\/cotes-du-rhone-blanc-trapadis-dne-du-2010-75cl\/#primaryimage\",\"url\":\"https:\/\/www.mesvendanges.com\/wp-content\/uploads\/2025\/05\/trapadis-dne-du-cotes-du-rhone-blanc-cotes-du-rhone-2010-75cl-blanc-png.png\",\"contentUrl\":\"https:\/\/www.mesvendanges.com\/wp-content\/uploads\/2025\/05\/trapadis-dne-du-cotes-du-rhone-blanc-cotes-du-rhone-2010-75cl-blanc-png.png\",\"width\":423,\"height\":1500},{\"@type\":\"WebPage\",\"@id\":\"https:\/\/www.mesvendanges.com\/en\/shop\/wines\/cotes-du-rhone-blanc-trapadis-dne-du-2010-75cl\/\",\"url\":\"https:\/\/www.mesvendanges.com\/en\/shop\/wines\/cotes-du-rhone-blanc-trapadis-dne-du-2010-75cl\/\",\"name\":\"COTES DU RHONE BLANC - Mes Vendanges\",\"isPartOf\":{\"@id\":\"https:\/\/www.mesvendanges.com\/en\/#website\"},\"primaryImageOfPage\":{\"@id\":\"https:\/\/www.mesvendanges.com\/en\/shop\/wines\/cotes-du-rhone-blanc-trapadis-dne-du-2010-75cl\/#primaryimage\"},\"datePublished\":\"2022-08-02T10:18:12+00:00\",\"dateModified\":\"2025-05-01T15:56:42+00:00\",\"breadcrumb\":{\"@id\":\"https:\/\/www.mesvendanges.com\/en\/shop\/wines\/cotes-du-rhone-blanc-trapadis-dne-du-2010-75cl\/#breadcrumb\"},\"inLanguage\":\"fr-FR\",\"potentialAction\":[{\"@type\":\"ReadAction\",\"target\":[\"https:\/\/www.mesvendanges.com\/en\/shop\/wines\/cotes-du-rhone-blanc-trapadis-dne-du-2010-75cl\/\"]}]},{\"@type\":\"BreadcrumbList\",\"@id\":\"https:\/\/www.mesvendanges.com\/en\/shop\/wines\/cotes-du-rhone-blanc-trapadis-dne-du-2010-75cl\/#breadcrumb\",\"itemListElement\":[{\"@type\":\"ListItem\",\"position\":1,\"name\":\"Home\",\"item\":\"https:\/\/www.mesvendanges.com\/en\/\"},{\"@type\":\"ListItem\",\"position\":2,\"name\":\"Shop\",\"item\":\"https:\/\/www.mesvendanges.com\/en\/shop\/\"},{\"@type\":\"ListItem\",\"position\":3,\"name\":\"COTES DU RHONE BLANC\"}]}]}<\/script>\n<!-- \/ Yoast SEO plugin. -->","yoast_head_json":{"title":"COTES DU RHONE BLANC - Mes Vendanges","robots":{"index":"index","follow":"follow","max-snippet":"max-snippet:-1","max-image-preview":"max-image-preview:large","max-video-preview":"max-video-preview:-1"},"canonical":"https:\/\/www.mesvendanges.com\/en\/shop\/wines\/cotes-du-rhone-blanc-trapadis-dne-du-2010-75cl\/","og_locale":"en_US","og_type":"article","og_title":"COTES DU RHONE BLANC - Mes Vendanges","og_description":"Le c\u00f4tes-du-rh\u00f4ne blanc du domaine du Trapadis est compos\u00e9 de 90 % de grenache blanc et de 10 % de clairette blanche r\u00e9colt\u00e9s \u00e0 10\/15 hl \u00e0 l&#8217;hectare sur un terroir argilo-calcaire, situ\u00e9 en plaine, compos\u00e9 d&#8217;argile rouge et de petits cailloux roul\u00e9s. Le vignoble est cultiv\u00e9 sans d\u00e9sherbants; les engrais chimiques et les produits [&hellip;]","og_url":"https:\/\/www.mesvendanges.com\/en\/shop\/wines\/cotes-du-rhone-blanc-trapadis-dne-du-2010-75cl\/","og_site_name":"Mes Vendanges","article_modified_time":"2025-05-01T15:56:42+00:00","og_image":[{"width":423,"height":1500,"url":"https:\/\/www.mesvendanges.com\/wp-content\/uploads\/2025\/05\/trapadis-dne-du-cotes-du-rhone-blanc-cotes-du-rhone-2010-75cl-blanc-png.png","type":"image\/png"}],"twitter_card":"summary_large_image","twitter_misc":{"Est. reading time":"1 minute"},"schema":{"@context":"https:\/\/schema.org","@graph":[{"@type":"Organization","@id":"https:\/\/www.mesvendanges.com\/en\/#organization","name":"Mes Vendanges","url":"https:\/\/www.mesvendanges.com\/en\/","sameAs":[],"logo":{"@type":"ImageObject","inLanguage":"fr-FR","@id":"https:\/\/www.mesvendanges.com\/en\/#\/schema\/logo\/image\/","url":"https:\/\/www.mesvendanges.com\/wp-content\/uploads\/2022\/02\/logo-mesvendanges.jpg","contentUrl":"https:\/\/www.mesvendanges.com\/wp-content\/uploads\/2022\/02\/logo-mesvendanges.jpg","width":851,"height":260,"caption":"Mes Vendanges"},"image":{"@id":"https:\/\/www.mesvendanges.com\/en\/#\/schema\/logo\/image\/"}},{"@type":"WebSite","@id":"https:\/\/www.mesvendanges.com\/en\/#website","url":"https:\/\/www.mesvendanges.com\/en\/","name":"Mes Vendanges","description":"Des journ\u00e9es enti\u00e8res dans les vignes","publisher":{"@id":"https:\/\/www.mesvendanges.com\/en\/#organization"},"potentialAction":[{"@type":"SearchAction","target":{"@type":"EntryPoint","urlTemplate":"https:\/\/www.mesvendanges.com\/en\/?s={search_term_string}"},"query-input":"required name=search_term_string"}],"inLanguage":"fr-FR"},{"@type":"ImageObject","inLanguage":"fr-FR","@id":"https:\/\/www.mesvendanges.com\/en\/shop\/wines\/cotes-du-rhone-blanc-trapadis-dne-du-2010-75cl\/#primaryimage","url":"https:\/\/www.mesvendanges.com\/wp-content\/uploads\/2025\/05\/trapadis-dne-du-cotes-du-rhone-blanc-cotes-du-rhone-2010-75cl-blanc-png.png","contentUrl":"https:\/\/www.mesvendanges.com\/wp-content\/uploads\/2025\/05\/trapadis-dne-du-cotes-du-rhone-blanc-cotes-du-rhone-2010-75cl-blanc-png.png","width":423,"height":1500},{"@type":"WebPage","@id":"https:\/\/www.mesvendanges.com\/en\/shop\/wines\/cotes-du-rhone-blanc-trapadis-dne-du-2010-75cl\/","url":"https:\/\/www.mesvendanges.com\/en\/shop\/wines\/cotes-du-rhone-blanc-trapadis-dne-du-2010-75cl\/","name":"COTES DU RHONE BLANC - Mes Vendanges","isPartOf":{"@id":"https:\/\/www.mesvendanges.com\/en\/#website"},"primaryImageOfPage":{"@id":"https:\/\/www.mesvendanges.com\/en\/shop\/wines\/cotes-du-rhone-blanc-trapadis-dne-du-2010-75cl\/#primaryimage"},"datePublished":"2022-08-02T10:18:12+00:00","dateModified":"2025-05-01T15:56:42+00:00","breadcrumb":{"@id":"https:\/\/www.mesvendanges.com\/en\/shop\/wines\/cotes-du-rhone-blanc-trapadis-dne-du-2010-75cl\/#breadcrumb"},"inLanguage":"fr-FR","potentialAction":[{"@type":"ReadAction","target":["https:\/\/www.mesvendanges.com\/en\/shop\/wines\/cotes-du-rhone-blanc-trapadis-dne-du-2010-75cl\/"]}]},{"@type":"BreadcrumbList","@id":"https:\/\/www.mesvendanges.com\/en\/shop\/wines\/cotes-du-rhone-blanc-trapadis-dne-du-2010-75cl\/#breadcrumb","itemListElement":[{"@type":"ListItem","position":1,"name":"Home","item":"https:\/\/www.mesvendanges.com\/en\/"},{"@type":"ListItem","position":2,"name":"Shop","item":"https:\/\/www.mesvendanges.com\/en\/shop\/"},{"@type":"ListItem","position":3,"name":"COTES DU RHONE BLANC"}]}]}},"_links":{"self":[{"href":"https:\/\/www.mesvendanges.com\/en\/wp-json\/wp\/v2\/product\/34776"}],"collection":[{"href":"https:\/\/www.mesvendanges.com\/en\/wp-json\/wp\/v2\/product"}],"about":[{"href":"https:\/\/www.mesvendanges.com\/en\/wp-json\/wp\/v2\/types\/product"}],"wp:featuredmedia":[{"embeddable":true,"href":"https:\/\/www.mesvendanges.com\/en\/wp-json\/wp\/v2\/media\/87884"}],"wp:attachment":[{"href":"https:\/\/www.mesvendanges.com\/en\/wp-json\/wp\/v2\/media?parent=34776"}],"wp:term":[{"taxonomy":"product_cat","embeddable":true,"href":"https:\/\/www.mesvendanges.com\/en\/wp-json\/wp\/v2\/product_cat?post=34776"},{"taxonomy":"product_tag","embeddable":true,"href":"https:\/\/www.mesvendanges.com\/en\/wp-json\/wp\/v2\/product_tag?post=34776"}],"curies":[{"name":"wp","href":"https:\/\/api.w.org\/{rel}","templated":true}]}}