{"id":61414,"date":"2023-03-16T14:34:03","date_gmt":"2023-03-16T13:34:03","guid":{"rendered":"https:\/\/www.mesvendanges.com\/shop\/uncategorized\/arbois-ploussard-fertans-fumey-chatelain-2020-75cl\/"},"modified":"2025-05-01T15:54:16","modified_gmt":"2025-05-01T13:54:16","slug":"arbois-ploussard-fertans-fumey-chatelain-2020-75cl","status":"publish","type":"product","link":"https:\/\/www.mesvendanges.com\/en\/shop\/wines\/arbois-ploussard-fertans-fumey-chatelain-2020-75cl\/","title":{"rendered":"ARBOIS PLOUSSARD FERTANS"},"content":{"rendered":"<p>Une cuv\u00e9e de ploussard dont les raisins ont muri dans une vigne plant\u00e9e en 1953 sur le lieu-dit de \u00ab Fertans \u00bb \u00e0 Montigny les Arsures. La vigne est expos\u00e9e plein sud et ses racines plongent directement dans les marnes grises du Lias. Mac\u00e9ration d\u2019une vingtaine de jours et \u00e9levage de 10 mois en cuve.<br \/>\nUn ploussard profond avec de l&#8217;\u00e9nergie. v\u00e9g\u00e9tal noble (poivre long). belle expression de terroir.<\/p>\n","protected":false},"excerpt":{"rendered":"<p>Une cuv\u00e9e de ploussard dont les raisins ont muri dans une vigne plant\u00e9e en 1953 sur le lieu-dit de \u00ab Fertans \u00bb \u00e0 Montigny les Arsures. La vigne est expos\u00e9e plein sud et ses racines plongent directement dans les marnes grises du Lias. Mac\u00e9ration d\u2019une vingtaine de jours et \u00e9levage de 10 mois en cuve. [&hellip;]<\/p>\n","protected":false},"featured_media":61454,"template":"","meta":[],"product_cat":[3740],"product_tag":[],"acf":[],"yoast_head":"<!-- This site is optimized with the Yoast SEO plugin v19.3 - https:\/\/yoast.com\/wordpress\/plugins\/seo\/ -->\n<title>ARBOIS PLOUSSARD FERTANS - Mes Vendanges<\/title>\n<meta name=\"robots\" content=\"index, follow, max-snippet:-1, max-image-preview:large, max-video-preview:-1\" \/>\n<link rel=\"canonical\" href=\"https:\/\/www.mesvendanges.com\/en\/shop\/wines\/arbois-ploussard-fertans-fumey-chatelain-2020-75cl\/\" \/>\n<meta property=\"og:locale\" content=\"en_US\" \/>\n<meta property=\"og:type\" content=\"article\" \/>\n<meta property=\"og:title\" content=\"ARBOIS PLOUSSARD FERTANS - Mes Vendanges\" \/>\n<meta property=\"og:description\" content=\"Une cuv\u00e9e de ploussard dont les raisins ont muri dans une vigne plant\u00e9e en 1953 sur le lieu-dit de \u00ab Fertans \u00bb \u00e0 Montigny les Arsures. La vigne est expos\u00e9e plein sud et ses racines plongent directement dans les marnes grises du Lias. Mac\u00e9ration d\u2019une vingtaine de jours et \u00e9levage de 10 mois en cuve. [&hellip;]\" \/>\n<meta property=\"og:url\" content=\"https:\/\/www.mesvendanges.com\/en\/shop\/wines\/arbois-ploussard-fertans-fumey-chatelain-2020-75cl\/\" \/>\n<meta property=\"og:site_name\" content=\"Mes Vendanges\" \/>\n<meta property=\"article:modified_time\" content=\"2025-05-01T13:54:16+00:00\" \/>\n<meta property=\"og:image\" content=\"https:\/\/www.mesvendanges.com\/wp-content\/uploads\/2023\/03\/fumey-chatelain-arbois-ploussard-fertans-arbois-2020-75cl-rouge-png.png\" \/>\n\t<meta property=\"og:image:width\" content=\"416\" \/>\n\t<meta property=\"og:image:height\" content=\"1500\" \/>\n\t<meta property=\"og:image:type\" content=\"image\/png\" \/>\n<meta name=\"twitter:card\" content=\"summary_large_image\" \/>\n<script type=\"application\/ld+json\" class=\"yoast-schema-graph\">{\"@context\":\"https:\/\/schema.org\",\"@graph\":[{\"@type\":\"Organization\",\"@id\":\"https:\/\/www.mesvendanges.com\/en\/#organization\",\"name\":\"Mes Vendanges\",\"url\":\"https:\/\/www.mesvendanges.com\/en\/\",\"sameAs\":[],\"logo\":{\"@type\":\"ImageObject\",\"inLanguage\":\"fr-FR\",\"@id\":\"https:\/\/www.mesvendanges.com\/en\/#\/schema\/logo\/image\/\",\"url\":\"https:\/\/www.mesvendanges.com\/wp-content\/uploads\/2022\/02\/logo-mesvendanges.jpg\",\"contentUrl\":\"https:\/\/www.mesvendanges.com\/wp-content\/uploads\/2022\/02\/logo-mesvendanges.jpg\",\"width\":851,\"height\":260,\"caption\":\"Mes Vendanges\"},\"image\":{\"@id\":\"https:\/\/www.mesvendanges.com\/en\/#\/schema\/logo\/image\/\"}},{\"@type\":\"WebSite\",\"@id\":\"https:\/\/www.mesvendanges.com\/en\/#website\",\"url\":\"https:\/\/www.mesvendanges.com\/en\/\",\"name\":\"Mes Vendanges\",\"description\":\"Des journ\u00e9es enti\u00e8res dans les vignes\",\"publisher\":{\"@id\":\"https:\/\/www.mesvendanges.com\/en\/#organization\"},\"potentialAction\":[{\"@type\":\"SearchAction\",\"target\":{\"@type\":\"EntryPoint\",\"urlTemplate\":\"https:\/\/www.mesvendanges.com\/en\/?s={search_term_string}\"},\"query-input\":\"required name=search_term_string\"}],\"inLanguage\":\"fr-FR\"},{\"@type\":\"ImageObject\",\"inLanguage\":\"fr-FR\",\"@id\":\"https:\/\/www.mesvendanges.com\/en\/shop\/wines\/arbois-ploussard-fertans-fumey-chatelain-2020-75cl\/#primaryimage\",\"url\":\"https:\/\/www.mesvendanges.com\/wp-content\/uploads\/2023\/03\/fumey-chatelain-arbois-ploussard-fertans-arbois-2020-75cl-rouge-png.png\",\"contentUrl\":\"https:\/\/www.mesvendanges.com\/wp-content\/uploads\/2023\/03\/fumey-chatelain-arbois-ploussard-fertans-arbois-2020-75cl-rouge-png.png\",\"width\":416,\"height\":1500},{\"@type\":\"WebPage\",\"@id\":\"https:\/\/www.mesvendanges.com\/en\/shop\/wines\/arbois-ploussard-fertans-fumey-chatelain-2020-75cl\/\",\"url\":\"https:\/\/www.mesvendanges.com\/en\/shop\/wines\/arbois-ploussard-fertans-fumey-chatelain-2020-75cl\/\",\"name\":\"ARBOIS PLOUSSARD FERTANS - Mes Vendanges\",\"isPartOf\":{\"@id\":\"https:\/\/www.mesvendanges.com\/en\/#website\"},\"primaryImageOfPage\":{\"@id\":\"https:\/\/www.mesvendanges.com\/en\/shop\/wines\/arbois-ploussard-fertans-fumey-chatelain-2020-75cl\/#primaryimage\"},\"datePublished\":\"2023-03-16T13:34:03+00:00\",\"dateModified\":\"2025-05-01T13:54:16+00:00\",\"breadcrumb\":{\"@id\":\"https:\/\/www.mesvendanges.com\/en\/shop\/wines\/arbois-ploussard-fertans-fumey-chatelain-2020-75cl\/#breadcrumb\"},\"inLanguage\":\"fr-FR\",\"potentialAction\":[{\"@type\":\"ReadAction\",\"target\":[\"https:\/\/www.mesvendanges.com\/en\/shop\/wines\/arbois-ploussard-fertans-fumey-chatelain-2020-75cl\/\"]}]},{\"@type\":\"BreadcrumbList\",\"@id\":\"https:\/\/www.mesvendanges.com\/en\/shop\/wines\/arbois-ploussard-fertans-fumey-chatelain-2020-75cl\/#breadcrumb\",\"itemListElement\":[{\"@type\":\"ListItem\",\"position\":1,\"name\":\"Home\",\"item\":\"https:\/\/www.mesvendanges.com\/en\/\"},{\"@type\":\"ListItem\",\"position\":2,\"name\":\"Shop\",\"item\":\"https:\/\/www.mesvendanges.com\/en\/shop\/\"},{\"@type\":\"ListItem\",\"position\":3,\"name\":\"ARBOIS PLOUSSARD FERTANS\"}]}]}<\/script>\n<!-- \/ Yoast SEO plugin. -->","yoast_head_json":{"title":"ARBOIS PLOUSSARD FERTANS - Mes Vendanges","robots":{"index":"index","follow":"follow","max-snippet":"max-snippet:-1","max-image-preview":"max-image-preview:large","max-video-preview":"max-video-preview:-1"},"canonical":"https:\/\/www.mesvendanges.com\/en\/shop\/wines\/arbois-ploussard-fertans-fumey-chatelain-2020-75cl\/","og_locale":"en_US","og_type":"article","og_title":"ARBOIS PLOUSSARD FERTANS - Mes Vendanges","og_description":"Une cuv\u00e9e de ploussard dont les raisins ont muri dans une vigne plant\u00e9e en 1953 sur le lieu-dit de \u00ab Fertans \u00bb \u00e0 Montigny les Arsures. La vigne est expos\u00e9e plein sud et ses racines plongent directement dans les marnes grises du Lias. Mac\u00e9ration d\u2019une vingtaine de jours et \u00e9levage de 10 mois en cuve. [&hellip;]","og_url":"https:\/\/www.mesvendanges.com\/en\/shop\/wines\/arbois-ploussard-fertans-fumey-chatelain-2020-75cl\/","og_site_name":"Mes Vendanges","article_modified_time":"2025-05-01T13:54:16+00:00","og_image":[{"width":416,"height":1500,"url":"https:\/\/www.mesvendanges.com\/wp-content\/uploads\/2023\/03\/fumey-chatelain-arbois-ploussard-fertans-arbois-2020-75cl-rouge-png.png","type":"image\/png"}],"twitter_card":"summary_large_image","schema":{"@context":"https:\/\/schema.org","@graph":[{"@type":"Organization","@id":"https:\/\/www.mesvendanges.com\/en\/#organization","name":"Mes Vendanges","url":"https:\/\/www.mesvendanges.com\/en\/","sameAs":[],"logo":{"@type":"ImageObject","inLanguage":"fr-FR","@id":"https:\/\/www.mesvendanges.com\/en\/#\/schema\/logo\/image\/","url":"https:\/\/www.mesvendanges.com\/wp-content\/uploads\/2022\/02\/logo-mesvendanges.jpg","contentUrl":"https:\/\/www.mesvendanges.com\/wp-content\/uploads\/2022\/02\/logo-mesvendanges.jpg","width":851,"height":260,"caption":"Mes Vendanges"},"image":{"@id":"https:\/\/www.mesvendanges.com\/en\/#\/schema\/logo\/image\/"}},{"@type":"WebSite","@id":"https:\/\/www.mesvendanges.com\/en\/#website","url":"https:\/\/www.mesvendanges.com\/en\/","name":"Mes Vendanges","description":"Des journ\u00e9es enti\u00e8res dans les vignes","publisher":{"@id":"https:\/\/www.mesvendanges.com\/en\/#organization"},"potentialAction":[{"@type":"SearchAction","target":{"@type":"EntryPoint","urlTemplate":"https:\/\/www.mesvendanges.com\/en\/?s={search_term_string}"},"query-input":"required name=search_term_string"}],"inLanguage":"fr-FR"},{"@type":"ImageObject","inLanguage":"fr-FR","@id":"https:\/\/www.mesvendanges.com\/en\/shop\/wines\/arbois-ploussard-fertans-fumey-chatelain-2020-75cl\/#primaryimage","url":"https:\/\/www.mesvendanges.com\/wp-content\/uploads\/2023\/03\/fumey-chatelain-arbois-ploussard-fertans-arbois-2020-75cl-rouge-png.png","contentUrl":"https:\/\/www.mesvendanges.com\/wp-content\/uploads\/2023\/03\/fumey-chatelain-arbois-ploussard-fertans-arbois-2020-75cl-rouge-png.png","width":416,"height":1500},{"@type":"WebPage","@id":"https:\/\/www.mesvendanges.com\/en\/shop\/wines\/arbois-ploussard-fertans-fumey-chatelain-2020-75cl\/","url":"https:\/\/www.mesvendanges.com\/en\/shop\/wines\/arbois-ploussard-fertans-fumey-chatelain-2020-75cl\/","name":"ARBOIS PLOUSSARD FERTANS - Mes Vendanges","isPartOf":{"@id":"https:\/\/www.mesvendanges.com\/en\/#website"},"primaryImageOfPage":{"@id":"https:\/\/www.mesvendanges.com\/en\/shop\/wines\/arbois-ploussard-fertans-fumey-chatelain-2020-75cl\/#primaryimage"},"datePublished":"2023-03-16T13:34:03+00:00","dateModified":"2025-05-01T13:54:16+00:00","breadcrumb":{"@id":"https:\/\/www.mesvendanges.com\/en\/shop\/wines\/arbois-ploussard-fertans-fumey-chatelain-2020-75cl\/#breadcrumb"},"inLanguage":"fr-FR","potentialAction":[{"@type":"ReadAction","target":["https:\/\/www.mesvendanges.com\/en\/shop\/wines\/arbois-ploussard-fertans-fumey-chatelain-2020-75cl\/"]}]},{"@type":"BreadcrumbList","@id":"https:\/\/www.mesvendanges.com\/en\/shop\/wines\/arbois-ploussard-fertans-fumey-chatelain-2020-75cl\/#breadcrumb","itemListElement":[{"@type":"ListItem","position":1,"name":"Home","item":"https:\/\/www.mesvendanges.com\/en\/"},{"@type":"ListItem","position":2,"name":"Shop","item":"https:\/\/www.mesvendanges.com\/en\/shop\/"},{"@type":"ListItem","position":3,"name":"ARBOIS PLOUSSARD FERTANS"}]}]}},"_links":{"self":[{"href":"https:\/\/www.mesvendanges.com\/en\/wp-json\/wp\/v2\/product\/61414"}],"collection":[{"href":"https:\/\/www.mesvendanges.com\/en\/wp-json\/wp\/v2\/product"}],"about":[{"href":"https:\/\/www.mesvendanges.com\/en\/wp-json\/wp\/v2\/types\/product"}],"wp:featuredmedia":[{"embeddable":true,"href":"https:\/\/www.mesvendanges.com\/en\/wp-json\/wp\/v2\/media\/61454"}],"wp:attachment":[{"href":"https:\/\/www.mesvendanges.com\/en\/wp-json\/wp\/v2\/media?parent=61414"}],"wp:term":[{"taxonomy":"product_cat","embeddable":true,"href":"https:\/\/www.mesvendanges.com\/en\/wp-json\/wp\/v2\/product_cat?post=61414"},{"taxonomy":"product_tag","embeddable":true,"href":"https:\/\/www.mesvendanges.com\/en\/wp-json\/wp\/v2\/product_tag?post=61414"}],"curies":[{"name":"wp","href":"https:\/\/api.w.org\/{rel}","templated":true}]}}