{"id":35805,"date":"2022-08-02T12:45:02","date_gmt":"2022-08-02T10:45:02","guid":{"rendered":"https:\/\/www.mesvendanges.com\/shop\/non%20class\u00e9\/les-pierrieres-blanc-de-blancs-extra-brut-3\/"},"modified":"2023-12-06T07:27:48","modified_gmt":"2023-12-06T06:27:48","slug":"les-pierrieres-blanc-de-blancs-extra-brut-ulysse-collin-2010-75cl","status":"publish","type":"product","link":"https:\/\/www.mesvendanges.com\/fr\/boutique\/vins\/les-pierrieres-blanc-de-blancs-extra-brut-ulysse-collin-2010-75cl\/","title":{"rendered":"LES PIERRIERES BLANC DE BLANCS EXTRA BRUT"},"content":{"rendered":"<p><font size=\"3\"><span style=\"font-family: Cambria, serif; line-height: 100%;\">Ce Blanc de Blancs est issu de la parcelle \u00ab&nbsp;Les Pierri\u00e8res&nbsp;\u00bb situ\u00e9e pr\u00e8s de Congy . Elle est orient\u00e9e Sud\/Sud-est. Le sol est de nature argilo-calcaire et maigre&nbsp;(10 \u00e0 50 cm de profondeur). Le sous-sol ou roche m\u00e8re est compos\u00e9e de craie tendre du Campanien et de rognons de silex noirs carbonat\u00e9s (type Onyx). La combinaison de ces deux \u00e9l\u00e9ments est rare en Champagne et participe \u00e0 la singularit\u00e9 de ce champagne . Les vignes issues de s\u00e9lection massale ont un \u00e2ge moyen de 35 ans.<\/span><br \/><span style=\"font-family: Cambria, serif; line-height: 100%;\">La fermentation alcoolique s\u2019effectue naturellement, gr\u00e2ce aux levures indig\u00e8nes en petits f\u00fbts de ch\u00eane durant 6 \u00e0 8 mois. L\u2019\u00e9levage en f\u00fbt dure en moyenne 12 mois. Le vin ne subi pas de filtration. Chaque ann\u00e9e, la production est &nbsp;en moyenne &nbsp;de 12 000 bouteilles sur cette parcelle.<\/span><br \/><span style=\"font-family: Cambria, serif; line-height: 100%;\">Le vieillissement sur lattes en bouteilles (sur lies) est de 36 mois et contribue \u00e0 renforcer la complexit\u00e9 du vin et la pl\u00e9nitude des saveurs.<\/span><br \/><span style=\"font-family: Cambria, serif; text-align: right;\"><span style=\"line-height: 100%;\">Apr\u00e8s d\u00e9gorgement ce champagne est commercialis\u00e9 &nbsp;uniquement en version Extra-Brut (peu ou pas dos\u00e9, en fonction des mill\u00e9simes) afin de conserver la plus juste expression du Terroir. La mention du mill\u00e9sime et la date de d\u00e9gorgement figurent sur la contre-\u00e9tiquette.<\/span><br \/><\/span><\/font><span style=\"font-family: Cambria, serif; line-height: 17px;\"><font size=\"3\">Un passage en carafe est recommand\u00e9<\/font><\/span><span style=\"font-family: Cambria, serif; font-size: 17px; line-height: 17px;\">.<\/span><\/p>\n","protected":false},"excerpt":{"rendered":"<p>Ce Blanc de Blancs est issu de la parcelle \u00ab&nbsp;Les Pierri\u00e8res&nbsp;\u00bb situ\u00e9e pr\u00e8s de Congy . Elle est orient\u00e9e Sud\/Sud-est. Le sol est de nature argilo-calcaire et maigre&nbsp;(10 \u00e0 50 cm de profondeur). Le sous-sol ou roche m\u00e8re est compos\u00e9e de craie tendre du Campanien et de rognons de silex noirs carbonat\u00e9s (type Onyx). La [&hellip;]<\/p>\n","protected":false},"featured_media":0,"template":"","meta":[],"product_cat":[3736],"product_tag":[],"acf":[],"yoast_head":"<!-- This site is optimized with the Yoast SEO plugin v19.3 - https:\/\/yoast.com\/wordpress\/plugins\/seo\/ -->\n<title>LES PIERRIERES BLANC DE BLANCS EXTRA BRUT - Mes Vendanges<\/title>\n<meta name=\"robots\" content=\"index, follow, max-snippet:-1, max-image-preview:large, max-video-preview:-1\" \/>\n<link rel=\"canonical\" href=\"https:\/\/www.mesvendanges.com\/fr\/boutique\/vins\/les-pierrieres-blanc-de-blancs-extra-brut-ulysse-collin-2010-75cl\/\" \/>\n<meta property=\"og:locale\" content=\"fr_FR\" \/>\n<meta property=\"og:type\" content=\"article\" \/>\n<meta property=\"og:title\" content=\"LES PIERRIERES BLANC DE BLANCS EXTRA BRUT - Mes Vendanges\" \/>\n<meta property=\"og:description\" content=\"Ce Blanc de Blancs est issu de la parcelle \u00ab&nbsp;Les Pierri\u00e8res&nbsp;\u00bb situ\u00e9e pr\u00e8s de Congy . Elle est orient\u00e9e Sud\/Sud-est. Le sol est de nature argilo-calcaire et maigre&nbsp;(10 \u00e0 50 cm de profondeur). Le sous-sol ou roche m\u00e8re est compos\u00e9e de craie tendre du Campanien et de rognons de silex noirs carbonat\u00e9s (type Onyx). La [&hellip;]\" \/>\n<meta property=\"og:url\" content=\"https:\/\/www.mesvendanges.com\/fr\/boutique\/vins\/les-pierrieres-blanc-de-blancs-extra-brut-ulysse-collin-2010-75cl\/\" \/>\n<meta property=\"og:site_name\" content=\"Mes Vendanges\" \/>\n<meta property=\"article:modified_time\" content=\"2023-12-06T06:27:48+00:00\" \/>\n<meta name=\"twitter:card\" content=\"summary_large_image\" \/>\n<meta name=\"twitter:label1\" content=\"Dur\u00e9e de lecture estim\u00e9e\" \/>\n\t<meta name=\"twitter:data1\" content=\"1 minute\" \/>\n<script type=\"application\/ld+json\" class=\"yoast-schema-graph\">{\"@context\":\"https:\/\/schema.org\",\"@graph\":[{\"@type\":\"Organization\",\"@id\":\"https:\/\/www.mesvendanges.com\/en\/#organization\",\"name\":\"Mes Vendanges\",\"url\":\"https:\/\/www.mesvendanges.com\/en\/\",\"sameAs\":[],\"logo\":{\"@type\":\"ImageObject\",\"inLanguage\":\"fr-FR\",\"@id\":\"https:\/\/www.mesvendanges.com\/en\/#\/schema\/logo\/image\/\",\"url\":\"https:\/\/www.mesvendanges.com\/wp-content\/uploads\/2022\/02\/logo-mesvendanges.jpg\",\"contentUrl\":\"https:\/\/www.mesvendanges.com\/wp-content\/uploads\/2022\/02\/logo-mesvendanges.jpg\",\"width\":851,\"height\":260,\"caption\":\"Mes Vendanges\"},\"image\":{\"@id\":\"https:\/\/www.mesvendanges.com\/en\/#\/schema\/logo\/image\/\"}},{\"@type\":\"WebSite\",\"@id\":\"https:\/\/www.mesvendanges.com\/en\/#website\",\"url\":\"https:\/\/www.mesvendanges.com\/en\/\",\"name\":\"Mes Vendanges\",\"description\":\"Des journ\u00e9es enti\u00e8res dans les vignes\",\"publisher\":{\"@id\":\"https:\/\/www.mesvendanges.com\/en\/#organization\"},\"potentialAction\":[{\"@type\":\"SearchAction\",\"target\":{\"@type\":\"EntryPoint\",\"urlTemplate\":\"https:\/\/www.mesvendanges.com\/en\/?s={search_term_string}\"},\"query-input\":\"required name=search_term_string\"}],\"inLanguage\":\"fr-FR\"},{\"@type\":\"WebPage\",\"@id\":\"https:\/\/www.mesvendanges.com\/fr\/boutique\/vins\/les-pierrieres-blanc-de-blancs-extra-brut-ulysse-collin-2010-75cl\/\",\"url\":\"https:\/\/www.mesvendanges.com\/fr\/boutique\/vins\/les-pierrieres-blanc-de-blancs-extra-brut-ulysse-collin-2010-75cl\/\",\"name\":\"LES PIERRIERES BLANC DE BLANCS EXTRA BRUT - Mes Vendanges\",\"isPartOf\":{\"@id\":\"https:\/\/www.mesvendanges.com\/en\/#website\"},\"datePublished\":\"2022-08-02T10:45:02+00:00\",\"dateModified\":\"2023-12-06T06:27:48+00:00\",\"breadcrumb\":{\"@id\":\"https:\/\/www.mesvendanges.com\/fr\/boutique\/vins\/les-pierrieres-blanc-de-blancs-extra-brut-ulysse-collin-2010-75cl\/#breadcrumb\"},\"inLanguage\":\"fr-FR\",\"potentialAction\":[{\"@type\":\"ReadAction\",\"target\":[\"https:\/\/www.mesvendanges.com\/fr\/boutique\/vins\/les-pierrieres-blanc-de-blancs-extra-brut-ulysse-collin-2010-75cl\/\"]}]},{\"@type\":\"BreadcrumbList\",\"@id\":\"https:\/\/www.mesvendanges.com\/fr\/boutique\/vins\/les-pierrieres-blanc-de-blancs-extra-brut-ulysse-collin-2010-75cl\/#breadcrumb\",\"itemListElement\":[{\"@type\":\"ListItem\",\"position\":1,\"name\":\"Accueil\",\"item\":\"https:\/\/www.mesvendanges.com\/fr\/\"},{\"@type\":\"ListItem\",\"position\":2,\"name\":\"Boutique\",\"item\":\"https:\/\/www.mesvendanges.com\/fr\/boutique\/\"},{\"@type\":\"ListItem\",\"position\":3,\"name\":\"LES PIERRIERES BLANC DE BLANCS EXTRA BRUT\"}]}]}<\/script>\n<!-- \/ Yoast SEO plugin. -->","yoast_head_json":{"title":"LES PIERRIERES BLANC DE BLANCS EXTRA BRUT - Mes Vendanges","robots":{"index":"index","follow":"follow","max-snippet":"max-snippet:-1","max-image-preview":"max-image-preview:large","max-video-preview":"max-video-preview:-1"},"canonical":"https:\/\/www.mesvendanges.com\/fr\/boutique\/vins\/les-pierrieres-blanc-de-blancs-extra-brut-ulysse-collin-2010-75cl\/","og_locale":"fr_FR","og_type":"article","og_title":"LES PIERRIERES BLANC DE BLANCS EXTRA BRUT - Mes Vendanges","og_description":"Ce Blanc de Blancs est issu de la parcelle \u00ab&nbsp;Les Pierri\u00e8res&nbsp;\u00bb situ\u00e9e pr\u00e8s de Congy . Elle est orient\u00e9e Sud\/Sud-est. Le sol est de nature argilo-calcaire et maigre&nbsp;(10 \u00e0 50 cm de profondeur). Le sous-sol ou roche m\u00e8re est compos\u00e9e de craie tendre du Campanien et de rognons de silex noirs carbonat\u00e9s (type Onyx). La [&hellip;]","og_url":"https:\/\/www.mesvendanges.com\/fr\/boutique\/vins\/les-pierrieres-blanc-de-blancs-extra-brut-ulysse-collin-2010-75cl\/","og_site_name":"Mes Vendanges","article_modified_time":"2023-12-06T06:27:48+00:00","twitter_card":"summary_large_image","twitter_misc":{"Dur\u00e9e de lecture estim\u00e9e":"1 minute"},"schema":{"@context":"https:\/\/schema.org","@graph":[{"@type":"Organization","@id":"https:\/\/www.mesvendanges.com\/en\/#organization","name":"Mes Vendanges","url":"https:\/\/www.mesvendanges.com\/en\/","sameAs":[],"logo":{"@type":"ImageObject","inLanguage":"fr-FR","@id":"https:\/\/www.mesvendanges.com\/en\/#\/schema\/logo\/image\/","url":"https:\/\/www.mesvendanges.com\/wp-content\/uploads\/2022\/02\/logo-mesvendanges.jpg","contentUrl":"https:\/\/www.mesvendanges.com\/wp-content\/uploads\/2022\/02\/logo-mesvendanges.jpg","width":851,"height":260,"caption":"Mes Vendanges"},"image":{"@id":"https:\/\/www.mesvendanges.com\/en\/#\/schema\/logo\/image\/"}},{"@type":"WebSite","@id":"https:\/\/www.mesvendanges.com\/en\/#website","url":"https:\/\/www.mesvendanges.com\/en\/","name":"Mes Vendanges","description":"Des journ\u00e9es enti\u00e8res dans les vignes","publisher":{"@id":"https:\/\/www.mesvendanges.com\/en\/#organization"},"potentialAction":[{"@type":"SearchAction","target":{"@type":"EntryPoint","urlTemplate":"https:\/\/www.mesvendanges.com\/en\/?s={search_term_string}"},"query-input":"required name=search_term_string"}],"inLanguage":"fr-FR"},{"@type":"WebPage","@id":"https:\/\/www.mesvendanges.com\/fr\/boutique\/vins\/les-pierrieres-blanc-de-blancs-extra-brut-ulysse-collin-2010-75cl\/","url":"https:\/\/www.mesvendanges.com\/fr\/boutique\/vins\/les-pierrieres-blanc-de-blancs-extra-brut-ulysse-collin-2010-75cl\/","name":"LES PIERRIERES BLANC DE BLANCS EXTRA BRUT - Mes Vendanges","isPartOf":{"@id":"https:\/\/www.mesvendanges.com\/en\/#website"},"datePublished":"2022-08-02T10:45:02+00:00","dateModified":"2023-12-06T06:27:48+00:00","breadcrumb":{"@id":"https:\/\/www.mesvendanges.com\/fr\/boutique\/vins\/les-pierrieres-blanc-de-blancs-extra-brut-ulysse-collin-2010-75cl\/#breadcrumb"},"inLanguage":"fr-FR","potentialAction":[{"@type":"ReadAction","target":["https:\/\/www.mesvendanges.com\/fr\/boutique\/vins\/les-pierrieres-blanc-de-blancs-extra-brut-ulysse-collin-2010-75cl\/"]}]},{"@type":"BreadcrumbList","@id":"https:\/\/www.mesvendanges.com\/fr\/boutique\/vins\/les-pierrieres-blanc-de-blancs-extra-brut-ulysse-collin-2010-75cl\/#breadcrumb","itemListElement":[{"@type":"ListItem","position":1,"name":"Accueil","item":"https:\/\/www.mesvendanges.com\/fr\/"},{"@type":"ListItem","position":2,"name":"Boutique","item":"https:\/\/www.mesvendanges.com\/fr\/boutique\/"},{"@type":"ListItem","position":3,"name":"LES PIERRIERES BLANC DE BLANCS EXTRA BRUT"}]}]}},"_links":{"self":[{"href":"https:\/\/www.mesvendanges.com\/fr\/wp-json\/wp\/v2\/product\/35805"}],"collection":[{"href":"https:\/\/www.mesvendanges.com\/fr\/wp-json\/wp\/v2\/product"}],"about":[{"href":"https:\/\/www.mesvendanges.com\/fr\/wp-json\/wp\/v2\/types\/product"}],"wp:attachment":[{"href":"https:\/\/www.mesvendanges.com\/fr\/wp-json\/wp\/v2\/media?parent=35805"}],"wp:term":[{"taxonomy":"product_cat","embeddable":true,"href":"https:\/\/www.mesvendanges.com\/fr\/wp-json\/wp\/v2\/product_cat?post=35805"},{"taxonomy":"product_tag","embeddable":true,"href":"https:\/\/www.mesvendanges.com\/fr\/wp-json\/wp\/v2\/product_tag?post=35805"}],"curies":[{"name":"wp","href":"https:\/\/api.w.org\/{rel}","templated":true}]}}