{"id":49427,"date":"2022-08-02T17:54:24","date_gmt":"2022-08-02T15:54:24","guid":{"rendered":"https:\/\/www.mesvendanges.com\/shop\/non%20class\u00e9\/rougeots-du-clos-2\/"},"modified":"2025-08-06T17:24:08","modified_gmt":"2025-08-06T15:24:08","slug":"rougeots-du-clos-la-madone-2021-75cl","status":"publish","type":"product","link":"https:\/\/www.mesvendanges.com\/fr\/boutique\/vins\/rougeots-du-clos-la-madone-2021-75cl\/","title":{"rendered":"ROUGEOTS DU CLOS"},"content":{"rendered":"<p>Cuv\u00e9e de texture, \u00e0 la mati\u00e8re sombre, dense et qui reste pourtant tr\u00e8s vivante en bouche. Il y a de la densit\u00e9 mais le jus est l\u00e0, apportant fraicheur et \u00e9quilibre. Un tr\u00e8s beau vin de caract\u00e8re.<\/p>\n<p>Age des vignes\u00a0: 4 ans. Une seule parcelle situ\u00e9e \u00e0 pr\u00e8s de 600 m\u00e8tres d\u2019altitude.<br \/>\nSol 100 % argilo-granitique de type MIGMATITE. Argiles tr\u00e8s lourdes.<br \/>\nDans un clos d\u2019un hectare expos\u00e9 plein Sud, nous avons r\u00e9cemment plant\u00e9 c\u00f4te \u00e0 c\u00f4te des cousins du Gamay Noir \u00e0 jus Blanc\u00a0:<br \/>\n1\/3 Gamay de Chaudenay ,1\/3 Gamay de Bouze , 1\/3 Gamaret<br \/>\nVendanges 100 % manuelles. Egrenage et tri m\u00e9canique puis manuel.  Utilisation des levures indig\u00e8nes ( m\u00e9thode du pied de cuve ). Pas de chaptalisation. Cuvaison de 10 jours, temp\u00e9rature maxi 29 \u00b0C. Elevage en cuves inox. Filtration l\u00e9g\u00e8re. <\/p>\n","protected":false},"excerpt":{"rendered":"<p>Cuv\u00e9e de texture, \u00e0 la mati\u00e8re sombre, dense et qui reste pourtant tr\u00e8s vivante en bouche. Il y a de la densit\u00e9 mais le jus est l\u00e0, apportant fraicheur et \u00e9quilibre. Un tr\u00e8s beau vin de caract\u00e8re. Age des vignes\u00a0: 4 ans. Une seule parcelle situ\u00e9e \u00e0 pr\u00e8s de 600 m\u00e8tres d\u2019altitude. Sol 100 % [&hellip;]<\/p>\n","protected":false},"featured_media":26466,"template":"","meta":[],"product_cat":[3736],"product_tag":[],"acf":[],"yoast_head":"<!-- This site is optimized with the Yoast SEO plugin v19.3 - https:\/\/yoast.com\/wordpress\/plugins\/seo\/ -->\n<title>ROUGEOTS DU CLOS - Mes Vendanges<\/title>\n<meta name=\"robots\" content=\"index, follow, max-snippet:-1, max-image-preview:large, max-video-preview:-1\" \/>\n<link rel=\"canonical\" href=\"https:\/\/www.mesvendanges.com\/fr\/boutique\/vins\/rougeots-du-clos-la-madone-2021-75cl\/\" \/>\n<meta property=\"og:locale\" content=\"fr_FR\" \/>\n<meta property=\"og:type\" content=\"article\" \/>\n<meta property=\"og:title\" content=\"ROUGEOTS DU CLOS - Mes Vendanges\" \/>\n<meta property=\"og:description\" content=\"Cuv\u00e9e de texture, \u00e0 la mati\u00e8re sombre, dense et qui reste pourtant tr\u00e8s vivante en bouche. Il y a de la densit\u00e9 mais le jus est l\u00e0, apportant fraicheur et \u00e9quilibre. Un tr\u00e8s beau vin de caract\u00e8re. Age des vignes\u00a0: 4 ans. Une seule parcelle situ\u00e9e \u00e0 pr\u00e8s de 600 m\u00e8tres d\u2019altitude. Sol 100 % [&hellip;]\" \/>\n<meta property=\"og:url\" content=\"https:\/\/www.mesvendanges.com\/fr\/boutique\/vins\/rougeots-du-clos-la-madone-2021-75cl\/\" \/>\n<meta property=\"og:site_name\" content=\"Mes Vendanges\" \/>\n<meta property=\"article:modified_time\" content=\"2025-08-06T15:24:08+00:00\" \/>\n<meta property=\"og:image\" content=\"https:\/\/www.mesvendanges.com\/wp-content\/uploads\/2022\/07\/la-madone-gilles-bonnefoy-les-rougeots-du-clos-2020-png.png\" \/>\n\t<meta property=\"og:image:width\" content=\"452\" \/>\n\t<meta property=\"og:image:height\" content=\"1500\" \/>\n\t<meta property=\"og:image:type\" content=\"image\/png\" \/>\n<meta name=\"twitter:card\" content=\"summary_large_image\" \/>\n<meta name=\"twitter:label1\" content=\"Dur\u00e9e de lecture estim\u00e9e\" \/>\n\t<meta name=\"twitter:data1\" content=\"1 minute\" \/>\n<script type=\"application\/ld+json\" class=\"yoast-schema-graph\">{\"@context\":\"https:\/\/schema.org\",\"@graph\":[{\"@type\":\"Organization\",\"@id\":\"https:\/\/www.mesvendanges.com\/en\/#organization\",\"name\":\"Mes Vendanges\",\"url\":\"https:\/\/www.mesvendanges.com\/en\/\",\"sameAs\":[],\"logo\":{\"@type\":\"ImageObject\",\"inLanguage\":\"fr-FR\",\"@id\":\"https:\/\/www.mesvendanges.com\/en\/#\/schema\/logo\/image\/\",\"url\":\"https:\/\/www.mesvendanges.com\/wp-content\/uploads\/2022\/02\/logo-mesvendanges.jpg\",\"contentUrl\":\"https:\/\/www.mesvendanges.com\/wp-content\/uploads\/2022\/02\/logo-mesvendanges.jpg\",\"width\":851,\"height\":260,\"caption\":\"Mes Vendanges\"},\"image\":{\"@id\":\"https:\/\/www.mesvendanges.com\/en\/#\/schema\/logo\/image\/\"}},{\"@type\":\"WebSite\",\"@id\":\"https:\/\/www.mesvendanges.com\/en\/#website\",\"url\":\"https:\/\/www.mesvendanges.com\/en\/\",\"name\":\"Mes Vendanges\",\"description\":\"Des journ\u00e9es enti\u00e8res dans les vignes\",\"publisher\":{\"@id\":\"https:\/\/www.mesvendanges.com\/en\/#organization\"},\"potentialAction\":[{\"@type\":\"SearchAction\",\"target\":{\"@type\":\"EntryPoint\",\"urlTemplate\":\"https:\/\/www.mesvendanges.com\/en\/?s={search_term_string}\"},\"query-input\":\"required name=search_term_string\"}],\"inLanguage\":\"fr-FR\"},{\"@type\":\"ImageObject\",\"inLanguage\":\"fr-FR\",\"@id\":\"https:\/\/www.mesvendanges.com\/fr\/boutique\/vins\/rougeots-du-clos-la-madone-2021-75cl\/#primaryimage\",\"url\":\"https:\/\/www.mesvendanges.com\/wp-content\/uploads\/2022\/07\/la-madone-gilles-bonnefoy-les-rougeots-du-clos-2020-png.png\",\"contentUrl\":\"https:\/\/www.mesvendanges.com\/wp-content\/uploads\/2022\/07\/la-madone-gilles-bonnefoy-les-rougeots-du-clos-2020-png.png\",\"width\":452,\"height\":1500},{\"@type\":\"WebPage\",\"@id\":\"https:\/\/www.mesvendanges.com\/fr\/boutique\/vins\/rougeots-du-clos-la-madone-2021-75cl\/\",\"url\":\"https:\/\/www.mesvendanges.com\/fr\/boutique\/vins\/rougeots-du-clos-la-madone-2021-75cl\/\",\"name\":\"ROUGEOTS DU CLOS - Mes Vendanges\",\"isPartOf\":{\"@id\":\"https:\/\/www.mesvendanges.com\/en\/#website\"},\"primaryImageOfPage\":{\"@id\":\"https:\/\/www.mesvendanges.com\/fr\/boutique\/vins\/rougeots-du-clos-la-madone-2021-75cl\/#primaryimage\"},\"datePublished\":\"2022-08-02T15:54:24+00:00\",\"dateModified\":\"2025-08-06T15:24:08+00:00\",\"breadcrumb\":{\"@id\":\"https:\/\/www.mesvendanges.com\/fr\/boutique\/vins\/rougeots-du-clos-la-madone-2021-75cl\/#breadcrumb\"},\"inLanguage\":\"fr-FR\",\"potentialAction\":[{\"@type\":\"ReadAction\",\"target\":[\"https:\/\/www.mesvendanges.com\/fr\/boutique\/vins\/rougeots-du-clos-la-madone-2021-75cl\/\"]}]},{\"@type\":\"BreadcrumbList\",\"@id\":\"https:\/\/www.mesvendanges.com\/fr\/boutique\/vins\/rougeots-du-clos-la-madone-2021-75cl\/#breadcrumb\",\"itemListElement\":[{\"@type\":\"ListItem\",\"position\":1,\"name\":\"Accueil\",\"item\":\"https:\/\/www.mesvendanges.com\/fr\/\"},{\"@type\":\"ListItem\",\"position\":2,\"name\":\"Boutique\",\"item\":\"https:\/\/www.mesvendanges.com\/fr\/boutique\/\"},{\"@type\":\"ListItem\",\"position\":3,\"name\":\"ROUGEOTS DU CLOS\"}]}]}<\/script>\n<!-- \/ Yoast SEO plugin. -->","yoast_head_json":{"title":"ROUGEOTS DU CLOS - Mes Vendanges","robots":{"index":"index","follow":"follow","max-snippet":"max-snippet:-1","max-image-preview":"max-image-preview:large","max-video-preview":"max-video-preview:-1"},"canonical":"https:\/\/www.mesvendanges.com\/fr\/boutique\/vins\/rougeots-du-clos-la-madone-2021-75cl\/","og_locale":"fr_FR","og_type":"article","og_title":"ROUGEOTS DU CLOS - Mes Vendanges","og_description":"Cuv\u00e9e de texture, \u00e0 la mati\u00e8re sombre, dense et qui reste pourtant tr\u00e8s vivante en bouche. Il y a de la densit\u00e9 mais le jus est l\u00e0, apportant fraicheur et \u00e9quilibre. Un tr\u00e8s beau vin de caract\u00e8re. Age des vignes\u00a0: 4 ans. Une seule parcelle situ\u00e9e \u00e0 pr\u00e8s de 600 m\u00e8tres d\u2019altitude. Sol 100 % [&hellip;]","og_url":"https:\/\/www.mesvendanges.com\/fr\/boutique\/vins\/rougeots-du-clos-la-madone-2021-75cl\/","og_site_name":"Mes Vendanges","article_modified_time":"2025-08-06T15:24:08+00:00","og_image":[{"width":452,"height":1500,"url":"https:\/\/www.mesvendanges.com\/wp-content\/uploads\/2022\/07\/la-madone-gilles-bonnefoy-les-rougeots-du-clos-2020-png.png","type":"image\/png"}],"twitter_card":"summary_large_image","twitter_misc":{"Dur\u00e9e de lecture estim\u00e9e":"1 minute"},"schema":{"@context":"https:\/\/schema.org","@graph":[{"@type":"Organization","@id":"https:\/\/www.mesvendanges.com\/en\/#organization","name":"Mes Vendanges","url":"https:\/\/www.mesvendanges.com\/en\/","sameAs":[],"logo":{"@type":"ImageObject","inLanguage":"fr-FR","@id":"https:\/\/www.mesvendanges.com\/en\/#\/schema\/logo\/image\/","url":"https:\/\/www.mesvendanges.com\/wp-content\/uploads\/2022\/02\/logo-mesvendanges.jpg","contentUrl":"https:\/\/www.mesvendanges.com\/wp-content\/uploads\/2022\/02\/logo-mesvendanges.jpg","width":851,"height":260,"caption":"Mes Vendanges"},"image":{"@id":"https:\/\/www.mesvendanges.com\/en\/#\/schema\/logo\/image\/"}},{"@type":"WebSite","@id":"https:\/\/www.mesvendanges.com\/en\/#website","url":"https:\/\/www.mesvendanges.com\/en\/","name":"Mes Vendanges","description":"Des journ\u00e9es enti\u00e8res dans les vignes","publisher":{"@id":"https:\/\/www.mesvendanges.com\/en\/#organization"},"potentialAction":[{"@type":"SearchAction","target":{"@type":"EntryPoint","urlTemplate":"https:\/\/www.mesvendanges.com\/en\/?s={search_term_string}"},"query-input":"required name=search_term_string"}],"inLanguage":"fr-FR"},{"@type":"ImageObject","inLanguage":"fr-FR","@id":"https:\/\/www.mesvendanges.com\/fr\/boutique\/vins\/rougeots-du-clos-la-madone-2021-75cl\/#primaryimage","url":"https:\/\/www.mesvendanges.com\/wp-content\/uploads\/2022\/07\/la-madone-gilles-bonnefoy-les-rougeots-du-clos-2020-png.png","contentUrl":"https:\/\/www.mesvendanges.com\/wp-content\/uploads\/2022\/07\/la-madone-gilles-bonnefoy-les-rougeots-du-clos-2020-png.png","width":452,"height":1500},{"@type":"WebPage","@id":"https:\/\/www.mesvendanges.com\/fr\/boutique\/vins\/rougeots-du-clos-la-madone-2021-75cl\/","url":"https:\/\/www.mesvendanges.com\/fr\/boutique\/vins\/rougeots-du-clos-la-madone-2021-75cl\/","name":"ROUGEOTS DU CLOS - Mes Vendanges","isPartOf":{"@id":"https:\/\/www.mesvendanges.com\/en\/#website"},"primaryImageOfPage":{"@id":"https:\/\/www.mesvendanges.com\/fr\/boutique\/vins\/rougeots-du-clos-la-madone-2021-75cl\/#primaryimage"},"datePublished":"2022-08-02T15:54:24+00:00","dateModified":"2025-08-06T15:24:08+00:00","breadcrumb":{"@id":"https:\/\/www.mesvendanges.com\/fr\/boutique\/vins\/rougeots-du-clos-la-madone-2021-75cl\/#breadcrumb"},"inLanguage":"fr-FR","potentialAction":[{"@type":"ReadAction","target":["https:\/\/www.mesvendanges.com\/fr\/boutique\/vins\/rougeots-du-clos-la-madone-2021-75cl\/"]}]},{"@type":"BreadcrumbList","@id":"https:\/\/www.mesvendanges.com\/fr\/boutique\/vins\/rougeots-du-clos-la-madone-2021-75cl\/#breadcrumb","itemListElement":[{"@type":"ListItem","position":1,"name":"Accueil","item":"https:\/\/www.mesvendanges.com\/fr\/"},{"@type":"ListItem","position":2,"name":"Boutique","item":"https:\/\/www.mesvendanges.com\/fr\/boutique\/"},{"@type":"ListItem","position":3,"name":"ROUGEOTS DU CLOS"}]}]}},"_links":{"self":[{"href":"https:\/\/www.mesvendanges.com\/fr\/wp-json\/wp\/v2\/product\/49427"}],"collection":[{"href":"https:\/\/www.mesvendanges.com\/fr\/wp-json\/wp\/v2\/product"}],"about":[{"href":"https:\/\/www.mesvendanges.com\/fr\/wp-json\/wp\/v2\/types\/product"}],"wp:featuredmedia":[{"embeddable":true,"href":"https:\/\/www.mesvendanges.com\/fr\/wp-json\/wp\/v2\/media\/26466"}],"wp:attachment":[{"href":"https:\/\/www.mesvendanges.com\/fr\/wp-json\/wp\/v2\/media?parent=49427"}],"wp:term":[{"taxonomy":"product_cat","embeddable":true,"href":"https:\/\/www.mesvendanges.com\/fr\/wp-json\/wp\/v2\/product_cat?post=49427"},{"taxonomy":"product_tag","embeddable":true,"href":"https:\/\/www.mesvendanges.com\/fr\/wp-json\/wp\/v2\/product_tag?post=49427"}],"curies":[{"name":"wp","href":"https:\/\/api.w.org\/{rel}","templated":true}]}}